{"id":59,"date":"2011-04-07T16:16:34","date_gmt":"2011-04-07T16:16:34","guid":{"rendered":"http:\/\/aperpette.com\/web\/?page_id=59"},"modified":"2026-01-15T12:49:54","modified_gmt":"2026-01-15T10:49:54","slug":"la-balade-des-cousins","status":"publish","type":"page","link":"https:\/\/www.ciedacote.com\/web\/la-balade-des-cousins\/","title":{"rendered":"La balade des cousins"},"content":{"rendered":"<div class=\"fcbkbttn_buttons_block\" id=\"fcbkbttn_left\"><div class=\"fb-share-button  \" data-href=\"https:\/\/www.ciedacote.com\/web\/la-balade-des-cousins\/\" data-type=\"button_count\" data-size=\"small\"><\/div><\/div><p>&nbsp;<\/p>\n<h2 style=\"text-align: center;\">Histoires, musique et chansons<\/h2>\n<h4 style=\"text-align: center;\">A partir de 5 ans<\/h4>\n<h3 style=\"text-align: center;\">Les cousins se baladaient dans la for\u00eat quand ils sont tomb\u00e9s sur de dr\u00f4les de traces&#8230; peut-\u00eatre des traces de tra\u00eeneau&#8230;? Ils vont les suivre, rencontrer des personnages&#8230;bizarres et venir le raconter aux enfants. S&#8217;ils retrouvent leur voiture !<\/h3>\n<p style=\"text-align: center;\">&nbsp;<\/p>\n<p><span style=\"color: #993300;\"><span style=\"color: #000000; font-size: medium;\"><span style=\"font-size: large;\"><a href=\"http:\/\/www.ciedacote.com\/web\/wp-content\/uploads\/2011\/04\/Copie-de-armelle-et-philippe3.jpg\"><img fetchpriority=\"high\" decoding=\"async\" class=\"size-full wp-image-1149 aligncenter\" title=\"Copie de armelle et philippe\" src=\"http:\/\/www.ciedacote.com\/web\/wp-content\/uploads\/2011\/04\/Copie-de-armelle-et-philippe3.jpg\" alt=\"\" width=\"384\" height=\"480\" srcset=\"https:\/\/www.ciedacote.com\/web\/wp-content\/uploads\/2011\/04\/Copie-de-armelle-et-philippe3.jpg 384w, https:\/\/www.ciedacote.com\/web\/wp-content\/uploads\/2011\/04\/Copie-de-armelle-et-philippe3-240x300.jpg 240w\" sizes=\"(max-width: 384px) 100vw, 384px\" \/><\/a><\/span><\/span><\/span><\/p>\n<p><iframe title=\"La balade des cousins\" width=\"500\" height=\"281\" src=\"https:\/\/www.youtube.com\/embed\/7diNJ1Org18?feature=oembed\" frameborder=\"0\" allow=\"accelerometer; autoplay; clipboard-write; encrypted-media; gyroscope; picture-in-picture; web-share\" referrerpolicy=\"strict-origin-when-cross-origin\" allowfullscreen><\/iframe><\/p>\n","protected":false},"excerpt":{"rendered":"<p>&nbsp; Histoires, musique et chansons A partir de 5 ans Les cousins se baladaient dans la for\u00eat quand ils sont tomb\u00e9s sur de dr\u00f4les de traces&#8230; peut-\u00eatre des traces de tra\u00eeneau&#8230;? Ils vont les suivre, rencontrer des personnages&#8230;bizarres et venir le raconter aux enfants. S&#8217;ils retrouvent leur voiture ! &nbsp;<\/p>\n","protected":false},"author":1,"featured_media":0,"parent":0,"menu_order":7,"comment_status":"closed","ping_status":"closed","template":"","meta":{"ngg_post_thumbnail":0,"footnotes":""},"class_list":["post-59","page","type-page","status-publish","hentry"],"aioseo_notices":[],"_links":{"self":[{"href":"https:\/\/www.ciedacote.com\/web\/wp-json\/wp\/v2\/pages\/59","targetHints":{"allow":["GET"]}}],"collection":[{"href":"https:\/\/www.ciedacote.com\/web\/wp-json\/wp\/v2\/pages"}],"about":[{"href":"https:\/\/www.ciedacote.com\/web\/wp-json\/wp\/v2\/types\/page"}],"author":[{"embeddable":true,"href":"https:\/\/www.ciedacote.com\/web\/wp-json\/wp\/v2\/users\/1"}],"replies":[{"embeddable":true,"href":"https:\/\/www.ciedacote.com\/web\/wp-json\/wp\/v2\/comments?post=59"}],"version-history":[{"count":26,"href":"https:\/\/www.ciedacote.com\/web\/wp-json\/wp\/v2\/pages\/59\/revisions"}],"predecessor-version":[{"id":4343,"href":"https:\/\/www.ciedacote.com\/web\/wp-json\/wp\/v2\/pages\/59\/revisions\/4343"}],"wp:attachment":[{"href":"https:\/\/www.ciedacote.com\/web\/wp-json\/wp\/v2\/media?parent=59"}],"curies":[{"name":"wp","href":"https:\/\/api.w.org\/{rel}","templated":true}]}}